{"id":24,"date":"2014-11-14T21:14:23","date_gmt":"2014-11-14T21:14:23","guid":{"rendered":"http:\/\/www.jeanlouiscianni.com\/?page_id=24"},"modified":"2022-08-24T10:23:21","modified_gmt":"2022-08-24T10:23:21","slug":"presse","status":"publish","type":"page","link":"https:\/\/www.jeanlouiscianni.com\/?page_id=24","title":{"rendered":"PRESSE"},"content":{"rendered":"<p>\u00a0<\/p>\n<p><span style=\"color: #ff0000;\"><strong>Socrate m\u00e9decin<\/strong><\/span><\/p>\n<p><strong><span style=\"color: #000000;\">Radio t\u00e9l\u00e9vision suisse<\/span><\/strong><span style=\"color: #000000;\"> (31\/05\/22)<\/span><\/p>\n<p>Jean-Louis Cianni nous propose de revenir aux sources.<\/p>\n<p><strong>La Gazette de Montpellier<\/strong> (ao\u00fbt 2022)<\/p>\n<p>On sort de ce voyage initiatique \u00e0 la fois \u00e9tonn\u00e9 et vivifi\u00e9.<\/p>\n<p><strong>Oltome<\/strong><\/p>\n<p>Un guide tr\u00e8s instructif en ces temps troubl\u00e9s<\/p>\n<p><strong>Notresiecle.com<\/strong><\/p>\n<p>Un ouvrage \u00e0 lire pour mieux comprendre notre \u00e9poque<\/p>\n<p>\u00a0<\/p>\n<p><strong><span style=\"color: #ff0000;\">Penser \u00e0 l&rsquo;\u00e9pid\u00e9mie<\/span><\/strong><\/p>\n<p><span style=\"color: #000000;\"><strong>La Gazette de Montpellier\u00a0<\/strong><\/span>(21\/27 octobre 2021)<\/p>\n<p>Un philosophe g\u00e9n\u00e9reux<\/p>\n<p>\u00a0<\/p>\n<p><span style=\"color: #ff0000;\"><strong>Philosopher \u00e0 la plage<\/strong><\/span><\/p>\n<p><strong>Psychologies Magazine\u00a0<\/strong>(juillet\/ao\u00fbt 2018)<\/p>\n<p>Jean-Louis Cianni \u00ab\u00a0nous invite \u00e0 profiter de l&rsquo;\u00e9vasion et du farniente pour redynamiser notre capacit\u00e9 d&rsquo;\u00e9tonnement et de r\u00e9flexion.\u00a0\u00bb<\/p>\n<p><strong>Elle\u00a0<\/strong>(juillet 2018)<\/p>\n<p>Interview dans le dossier \u00ab\u00a0Comment \u00e9tirer le temps des vacances?\u00a0\u00bb<\/p>\n<p>Interview dans le dossier \u00ab\u00a0La valise dans sur le divan\u00a0\u00bb.<\/p>\n<p><strong>Healthy Life <\/strong>(Juillet-ao\u00fbt 2018)<\/p>\n<p>Interview dans le dossier \u00ab\u00a0Mon \u00e9t\u00e9, ma sant\u00e9\u00a0\u00bb.<\/p>\n<p><strong>Elle <\/strong><\/p>\n<p>Dossier \u00ab\u00a0l&rsquo;Ere de l&rsquo;Hyper stress\u00a0\u00bb (5 janvier 2018)<\/p>\n<p>Comment faire baisser la pression?<\/p>\n<p>\u00ab\u00a0En se lib\u00e9rant des cha\u00eenes que nous imposons nous-m\u00eames\u00a0\u00bb<\/p>\n<p>http:\/\/www.elle.fr<\/p>\n<p>Comment contrer l&rsquo;hyperstress ce mal tr\u00e8s contemporain<\/p>\n<p>\u00a0<\/p>\n<p><span style=\"color: #000000;\"><strong><strong><a style=\"color: #000000;\" href=\"http:\/\/www.jeanlouiscianni.com\/wp-content\/uploads\/communiqu\u00e9-de-presse.pdf\">Le communiqu\u00e9 de presse<\/a><\/strong><\/strong><\/span><\/p>\n<p>\u00a0<\/p>\n<p><strong> Femme Majuscule<br \/><em><br \/><\/em><\/strong><em>\u00ab\u00a0A travers ses ouvrages,il veut nous convaincre du plaisir que nous pouvons trouver \u00e0 penser et, par l\u00e0-m\u00eame, \u00e0 nous ouvrir au monde et aux autres.\u00a0\u00bb<\/em><\/p>\n<p><strong>Le Parisien<\/strong><\/p>\n<p><em><em>\u00ab\u00a0D\u00e9vorez cet opus.Tout en vous nourrissant, vous vous sentirez plus l\u00e9ger.\u00a0\u00bb<\/em><\/em><\/p>\n<p><strong>Midi Libre (Sophie Gayraud)<\/strong><\/p>\n<p><em>\u00ab\u00a0C&rsquo;est un livre initiatique \u00e0 m\u00e9diter cet \u00e9t\u00e9 pour vivre mieux.\u00a0\u00bb<\/em><\/p>\n<p><strong>Ici Paris<\/strong><\/p>\n<p><em>\u00ab\u00a0Dans ce livre, nul rituel ni recette pour saisir le sens de notre vie. Mais on m\u00e9dite, on joue sur le sable, on se d\u00e9nude&#8230;\u00a0\u00bb<\/em><\/p>\n<p><strong>P\u00e8lerin magazine<br \/><\/strong><em><em>Interview dans le dossier \u00ab\u00a0A la plage en famille.\u00a0\u00bb<\/em><\/em><\/p>\n<p><strong>Elle<\/strong><\/p>\n<p><em>\u00ab\u00a0Petit bijou pour l\u00e2cher prise au soleil.\u00a0\u00bb<\/em><\/p>\n<p><strong>La Marseillaise (Jean-Marie Dinh)<\/strong><\/p>\n<p><em>\u00ab\u00a0Ce livre \u00e9tonne par la simplicit\u00e9 et la sagesse qu&rsquo;il met \u00e0 port\u00e9e du lecteur.\u00a0\u00bb<br \/><\/em><\/p>\n<p><strong> Mieux pour moi<\/strong><\/p>\n<p><em>\u00ab\u00a0Jean-Louis Cianni vous donne toutes les astuces pour transformer vos s\u00e9ances de bronzage en r\u00e9flexions spirituelles intenses.\u00a0\u00bb<\/em><\/p>\n<p><strong> Top sant\u00e9<\/strong><\/p>\n<p>Dossier Prendre soin de soi (ao\u00fbt 2016)<\/p>\n<p><strong>Evelemagdesfilles<\/strong><\/p>\n<p><em>\u00ab\u00a0Facile \u00e0 lire, \u00e0 comprendre et facile \u00e0 assimiler.\u00a0\u00bb<\/em><\/p>\n<p><strong>La libre.be (Eric de Bellefroid)<\/strong><\/p>\n<p><em>\u00ab\u00a0Un opus tr\u00e8s sympathique.Pour se r\u00e9approprier en \u00e9t\u00e9 un esprit souvent ali\u00e9n\u00e9 en hiver.\u00a0\u00bb<\/em><\/p>\n<p><strong>l&rsquo;Express Styles (Rebecca Benhamou)<\/strong><\/p>\n<p>\u00ab\u00a0<em>Jean-Louis Cianni nous enseigne comment retrouver le go\u00fbt de l&rsquo;\u00e9tonnement et comment faire des r\u00e9serves de pens\u00e9es solaires pour l&rsquo;hiver.\u00a0\u00bb<\/em><\/p>\n<p><strong>Psychologies (Elsa Godart)<\/strong><\/p>\n<p><em>\u00ab\u00a0Ce petit livre de philosophie estival glisse des vacances dans la pens\u00e9e et des pens\u00e9es dans les vacances.\u00a0\u00bb<\/em><\/p>\n<p><strong>France Inter (Parenth\u00e8se du 26 juin 2016)<\/strong><\/p>\n<p>A podcaster et r\u00e9\u00e9couter sur le site de France Inter<\/p>\n<p><strong>Femme Majuscule<\/strong><\/p>\n<p><em>\u00ab\u00a0A glisser imp\u00e9rativement dans son sac de plage.\u00a0\u00bb<\/em><\/p>\n<p><strong>Le Populaire du Centre\/La Montagne\/La R\u00e9publique du Centre (Roxane Pouget)<\/strong><\/p>\n<p><em>\u00ab\u00a0Une invitation, au plus pur de soi,pour rester \u00e9veill\u00e9.\u00a0\u00bb<\/em><\/p>\n<p><strong>WE Demain (Jean-Jacques Valette)<\/strong><\/p>\n<p><em>\u00ab\u00a0Sur la plage, cet \u00e9t\u00e9 ce -petit- pav\u00e9 fera beaucoup de bien.\u00a0\u00bb<\/em><\/p>\n<p><strong>Micmag.net (Marie Torr\u00e8s)<\/strong><\/p>\n<p><em>\u00ab\u00a0Un ouvrage o\u00f9 sont convi\u00e9s les plus grands philosophes mais qui reste \u00e0 la port\u00e9e de tous.\u00a0\u00bb<\/em><\/p>\n<p><strong>Nouvelles cl\u00e9s<\/strong><\/p>\n<p><em>\u00ab\u00a0Ce livre est un vrai coup de coeur. Il arrive \u00e0 point nomm\u00e9 dans cette belle saison pour l&rsquo;enrichir et d\u00e9ployer ses potentialit\u00e9s.\u00a0\u00bb<\/em><\/p>\n<p>Et l&rsquo;interview sur www.clubnouvellescles.com<\/p>\n<p><strong>Jacky Vilac\u00e8que<\/strong> ex-grand reporter Midi Libre<\/p>\n<p><em>\u00ab\u00a0Ce livre m&rsquo;incite \u00e0 aller plus loin en philosophie. Ce qui n&rsquo;est pas, en ce qui me concerne, une mince performance&#8230;\u00a0\u00bb<\/em><\/p>\n<p><strong>Sciences humaines<\/strong><\/p>\n<p><em>\u00a0<\/em><strong>Divergence FM (93.9 \u00e0 Montpellier)<\/strong><\/p>\n<p>Emission Gulliver du 31 mai 2016 \u00e0 podcaster.<\/p>\n<p>www.divergence-fm.org<\/p>\n<p>\u00a0<\/p>\n<p><span style=\"color: #ff0000;\"><strong><strong>Les armes d&rsquo;Hercule<\/strong><\/strong><\/span><\/p>\n<p><strong>Radio Notre Dame<\/strong><\/p>\n<p><em>\u00ab\u00a0Passionnant. Un vrai petit bonheur.\u00a0\u00bb<\/em><\/p>\n<p><strong>La Gazette de Montpellier<\/strong><\/p>\n<p><em>\u00ab\u00a0Voici un nouvel essai tout aussi convaincant qui est un mod\u00e8le de d\u00e9passement par le haut&#8230;Une formidable invitation \u00e0 redonner sens et sagesse \u00e0 notre travail.\u00a0\u00bb<\/em><\/p>\n<p>Val\u00e9rie Hernandez<\/p>\n<p>\u00a0<\/p>\n<p style=\"text-align: justify;\"><span style=\"color: #ff0000;\"><strong>La m\u00e8re et le philosophe<\/strong><\/span><\/p>\n<p style=\"text-align: justify;\"><strong>Psychologies Magazine<\/strong><\/p>\n<p style=\"text-align: justify;\"><em>\u00ab\u00a0Les philosophes n\u2019\u00e9chappent pas au lot commun : ils naissent \u00e0 une \u00e9poque donn\u00e9e, dans un certain contexte familial. Il est donc pertinent de rapprocher la naissance d\u2019une pens\u00e9e avec l\u2019enfance de son auteur. C\u2019est ce que fait brillamment Jean-Louis Cianni, en menant une enqu\u00eate sur l\u2019influence et le r\u00f4le que des femmes ont pu avoir sur leurs fils Socrate, Marc Aur\u00e8le, Descartes, Nietzsche ou Freud. Et cette lecture \u00ab philosophique de la maternit\u00e9 nous offre des visages tr\u00e8s diff\u00e9rents de m\u00e8res\u2026 \u00c0 cette curiosit\u00e9 biographique s\u2019ajoute une belle r\u00e9flexion sur ce qu\u2019est r\u00e9ellement philosopher, en un mot : engendrer.\u00a0\u00bb E.G<\/em><\/p>\n<p style=\"text-align: justify;\"><strong>Lire, l\u2019Express<\/strong><\/p>\n<p style=\"text-align: justify;\"><em> \u00ab\u00a0Humain, trop humain. Le philosophe, homme de concepts, b\u00e2tisseur de syst\u00e8me, la t\u00eate dans les nu\u00e9es, commence petitement. Il fut d&rsquo;abord un nourrisson, d\u00e9bile et ch\u00e9tif, dans les mains maternelles. Pas une grosse t\u00eate qui ne f\u00fbt sortie du ventre de sa m\u00e8re. C&rsquo;est \u00e0 ce destin banal que Jean-Louis Cianni consacre son beau survol de dix gestations philosophiques en devenir, de Socrate \u00e0 Simone de Beauvoir<\/em>.\u00a0\u00bb Alain Rubens.<\/p>\n<p style=\"text-align: justify;\"><strong>Midi Libre<\/strong><\/p>\n<p style=\"text-align: justify;\"><em>\u00ab\u00a0Jean-Louis Cianni est un enseigneur qui met ici l\u2019accent avec pertinence sur la fonction maternante de la philosophie.\u00a0\u00bb <\/em>Jacques Bruy\u00e8re.<\/p>\n<p>\u00a0<\/p>\n<p style=\"text-align: justify;\"><span style=\"color: #ff0000;\"><strong>Oui, chacun de nous peut se transformer, dialogue avec Arnaud Desjardins<\/strong><\/span><\/p>\n<p style=\"text-align: justify;\"><strong>Psychologies Magazine<\/strong><\/p>\n<p style=\"text-align: justify;\"><em>\u00ab\u00a0Changer, combler nos failles, nous le pouvons tous. Mais pour le mai\u0302tre de sagesse Arnaud Desjardins et le philosophe Jean-Louis Cianni, un autre niveau de transformation est possible : c\u2019est l\u2019\u00ab e\u0301veil \u00bb, la \u00ab libe\u0301ration \u00bb. A\u0300 quoi correspond cet e\u0301tat de conscience supe\u0301rieur ? Comment y acce\u0301der ? Pour re\u0301pondre, le premier s\u2019appuie sur diverses traditions spirituelles dont il a fait l\u2019expe\u0301rience, et le second<br \/>sur sa pratique et sa connaissance philosophique. Leurs deux voix, tre\u0300s comple\u0301mentaires, composent un ouvrage approfondi et optimiste sur notre capacite\u0301 a\u0300 grandir en sagesse.\u00a0\u00bb <\/em>Anne Laure Gannac<em>. <\/em><\/p>\n<p style=\"text-align: justify;\"><strong>CLES<\/strong><\/p>\n<p style=\"text-align: justify;\"><em>\u00ab\u00a0Dialogue entre un sage et un philosophe, ce livre est une m\u00e9ditation sur les m\u00e9tamorphoses possibles de l&rsquo;\u00eatre, et donc de chacun d&rsquo;entre nous.\u00a0\u00bb <\/em>Marc de Smedt.<\/p>\n<p>\u00a0<\/p>\n<p style=\"text-align: justify;\"><span style=\"color: #ff0000;\"><strong>La philosophie comme rem\u00e8de au ch\u00f4mage<\/strong><\/span><\/p>\n<p style=\"text-align: justify;\"><strong>Slate <\/strong>20-05-2016 dans un dossier d&rsquo;Eve Thibaud<\/p>\n<p style=\"text-align: justify;\">Le ch\u00f4mage comme un deuil.<\/p>\n<p style=\"text-align: justify;\"><strong>Psychologies<\/strong><\/p>\n<p style=\"text-align: justify;\">\u00ab\u00a0Un t\u00e9moignage vif et sinc\u00e8re.\u00a0\u00bb<\/p>\n<p style=\"text-align: justify;\"><strong>Lib\u00e9ration<\/strong><\/p>\n<p style=\"text-align: justify;\"><em>\u00ab\u00a0Le livre est \u00e9crit avec clart\u00e9, all\u00e9gresse, tonicit\u00e9. Le ch\u00f4meur poss\u00e8de d\u00e9sormais les moyens de la gu\u00e9rison et de la sant\u00e9.\u00a0\u00bb<\/em> Fran\u00e7ois Dagognet.<\/p>\n<p style=\"text-align: justify;\"><strong>La Marseillaise<\/strong><\/p>\n<p style=\"text-align: justify;\"><em>\u00ab\u00a0Ces m\u00e9ditations philosophiques s\u2019entrecoupent d\u2019un r\u00e9cit sinc\u00e8re, tr\u00e8s personnel qui rend le parcours attachant et lui conf\u00e8re une r\u00e9elle profondeur.\u00a0\u00bb <\/em>Jean-Marie Dinh\u00a0.<\/p>\n<p style=\"text-align: justify;\"><strong>Associated Press<\/strong><\/p>\n<p style=\"text-align: justify;\"><em>\u00ab\u00a0Une vision humaniste et th\u00e9rapeutique de la philosophie qui ne manque pas de panache.\u00a0\u00bb<\/em><\/p>\n<p style=\"text-align: justify;\"><strong>Midi Libre<\/strong><\/p>\n<p style=\"text-align: justify;\"><em>\u00ab\u00a0C\u2019est la profonde originalit\u00e9 du livre que publie\u00a0 Jean-Louis Cianni\u00a0: cette r\u00e9sonance entre une exp\u00e9rience v\u00e9cue et l\u2019h\u00e9ritage des sagesses.\u00a0\u00bb <\/em>Jacky Vilac\u00e8que.<\/p>\n<p style=\"text-align: justify;\"><strong>Marianne<\/strong><\/p>\n<p style=\"text-align: justify;\"><em>\u00ab\u00a0Jean-Louis Cianni raconte sa qu\u00eate salvatrice dans un livre \u00e9patant.\u00a0\u00bb<\/em> Jacques Mol\u00e9nat.<\/p>\n<p style=\"text-align: justify;\"><strong>Sciences humaines<\/strong><\/p>\n<p style=\"text-align: justify;\"><em>\u00ab\u00a0A lire de toute urgence pour les bonheurs d\u2019\u00e9criture.\u00a0\u00bb<\/em><\/p>\n<p style=\"text-align: justify;\"><strong>Famille chr\u00e9tienne<\/strong><\/p>\n<p style=\"text-align: justify;\"><em>\u00ab\u00a0Belle le\u00e7on assez convaincante de vitamines philosophiques qui devraient \u00eatre rembours\u00e9es par l\u2019ANPE.\u00a0\u00bb<\/em><\/p>\n<p style=\"text-align: justify;\"><strong>La Gazette de Montpellier<\/strong><\/p>\n<p style=\"text-align: justify;\"><em>\u00ab\u00a0C\u2019est un tr\u00e8s bon livre, sinc\u00e8re, inattendu.\u00a0\u00bb <\/em>Val\u00e9rie Hernandez<\/p>\n\n\n<p><\/p>\n","protected":false},"excerpt":{"rendered":"<p>\u00a0 Socrate m\u00e9decin Radio t\u00e9l\u00e9vision suisse (31\/05\/22) Jean-Louis Cianni nous propose de revenir aux sources. La Gazette de Montpellier (ao\u00fbt 2022) On sort de ce voyage initiatique \u00e0 la fois \u00e9tonn\u00e9 et vivifi\u00e9. Oltome Un guide tr\u00e8s instructif en ces temps troubl\u00e9s Notresiecle.com Un ouvrage \u00e0 lire pour mieux comprendre notre \u00e9poque \u00a0 Penser \u00e0 l&rsquo;\u00e9pid\u00e9mie La Gazette de Montpellier\u00a0(21\/27 [&#8230;]<\/p>\n","protected":false},"author":1,"featured_media":0,"parent":0,"menu_order":4,"comment_status":"closed","ping_status":"closed","template":"","meta":{"jetpack_post_was_ever_published":false},"jetpack_sharing_enabled":true,"jetpack_shortlink":"https:\/\/wp.me\/P5uUg2-o","_links":{"self":[{"href":"https:\/\/www.jeanlouiscianni.com\/index.php?rest_route=\/wp\/v2\/pages\/24"}],"collection":[{"href":"https:\/\/www.jeanlouiscianni.com\/index.php?rest_route=\/wp\/v2\/pages"}],"about":[{"href":"https:\/\/www.jeanlouiscianni.com\/index.php?rest_route=\/wp\/v2\/types\/page"}],"author":[{"embeddable":true,"href":"https:\/\/www.jeanlouiscianni.com\/index.php?rest_route=\/wp\/v2\/users\/1"}],"replies":[{"embeddable":true,"href":"https:\/\/www.jeanlouiscianni.com\/index.php?rest_route=%2Fwp%2Fv2%2Fcomments&post=24"}],"version-history":[{"count":48,"href":"https:\/\/www.jeanlouiscianni.com\/index.php?rest_route=\/wp\/v2\/pages\/24\/revisions"}],"predecessor-version":[{"id":1242,"href":"https:\/\/www.jeanlouiscianni.com\/index.php?rest_route=\/wp\/v2\/pages\/24\/revisions\/1242"}],"wp:attachment":[{"href":"https:\/\/www.jeanlouiscianni.com\/index.php?rest_route=%2Fwp%2Fv2%2Fmedia&parent=24"}],"curies":[{"name":"wp","href":"https:\/\/api.w.org\/{rel}","templated":true}]}}